{"id":2241,"date":"2026-04-29T06:56:11","date_gmt":"2026-04-29T06:56:11","guid":{"rendered":"https:\/\/amtpuyk.cluster030.hosting.ovh.net\/?page_id=2241"},"modified":"2026-08-19T14:37:17","modified_gmt":"2026-08-19T14:37:17","slug":"adultes","status":"publish","type":"page","link":"https:\/\/ateliermuseedelaterre.com\/en\/adultes\/","title":{"rendered":"Adults"},"content":{"rendered":"<div class=\"wp-block-group is-nowrap is-layout-flex wp-container-core-group-is-layout-8d39b2df wp-block-group-is-layout-flex\">\n<div class=\"wp-block-group has-global-padding is-layout-constrained wp-block-group-is-layout-constrained\">\n<div class=\"wp-block-media-text has-media-on-the-right is-stacked-on-mobile\" style=\"grid-template-columns:auto 29%\"><div class=\"wp-block-media-text__content\">\n<div class=\"wp-block-group is-vertical is-layout-flex wp-container-core-group-is-layout-8cdb3485 wp-block-group-is-layout-flex\">\n<p class=\"wp-block-paragraph\">The Atelier-Mus\u00e9e de la Terre offers workshops for adults year-round.<\/p>\n\n\n\n<p class=\"wp-block-paragraph\">The program includes activities both during and outside of school breaks.<\/p>\n\n\n\n<p class=\"wp-block-paragraph\">Our program includes modeling workshops for adults and children, pottery-throwing workshops, themed courses, and more\u2026&nbsp;<\/p>\n<\/div>\n\n\n\n<p class=\"wp-block-paragraph\"><a href=\"https:\/\/amtpuyk.cluster030.hosting.ovh.net\/wp-content\/uploads\/2026\/03\/BROCHURE-Ateliers-rentree-2024-2025.jpg\" target=\"_blank\" rel=\"noreferrer noopener\">Download our activities brochure<\/a><\/p>\n<\/div><figure class=\"wp-block-media-text__media\"><a href=\"https:\/\/amtpuyk.cluster030.hosting.ovh.net\/wp-content\/uploads\/2026\/03\/BROCHURE-Ateliers-rentree-2024-2025.jpg\" target=\"_blank\" rel=\" noreferrer noopener\"><img decoding=\"async\" width=\"724\" height=\"1024\" src=\"https:\/\/amtpuyk.cluster030.hosting.ovh.net\/wp-content\/uploads\/2026\/03\/BROCHURE-Ateliers-rentree-2024-2025-724x1024.jpg\" alt=\"\" class=\"wp-image-93 size-full\" srcset=\"https:\/\/ateliermuseedelaterre.com\/wp-content\/uploads\/2026\/03\/BROCHURE-Ateliers-rentree-2024-2025-724x1024.jpg 724w, https:\/\/ateliermuseedelaterre.com\/wp-content\/uploads\/2026\/03\/BROCHURE-Ateliers-rentree-2024-2025-212x300.jpg 212w, https:\/\/ateliermuseedelaterre.com\/wp-content\/uploads\/2026\/03\/BROCHURE-Ateliers-rentree-2024-2025-768x1086.jpg 768w, https:\/\/ateliermuseedelaterre.com\/wp-content\/uploads\/2026\/03\/BROCHURE-Ateliers-rentree-2024-2025-1086x1536.jpg 1086w, https:\/\/ateliermuseedelaterre.com\/wp-content\/uploads\/2026\/03\/BROCHURE-Ateliers-rentree-2024-2025.jpg 1414w\" sizes=\"(max-width: 724px) 100vw, 724px\" \/><\/a><\/figure><\/div>\n\n\n\n<p class=\"wp-block-paragraph\">Activities during the holidays depend on the temporary programme available <a href=\"https:\/\/amtpuyk.cluster030.hosting.ovh.net\/actualites\/\" data-type=\"page\" data-id=\"15\" target=\"_blank\" rel=\"noopener\">here<\/a>.<\/p>\n\n\n\n<div class=\"wp-block-group has-global-padding is-layout-constrained wp-block-group-is-layout-constrained\">\n<p class=\"wp-block-paragraph\">All our activities, apart from the self-guided tour of the old tile works, are by booking only:<\/p>\n\n\n\n<ul class=\"wp-block-list\">\n<li>By telephone <strong>05.55.58.35.19<\/strong><\/li>\n\n\n\n<li>By email <strong><a href=\"mailto:atmuseepuycheny@yahoo.fr\">atmuseepuycheny@yahoo.fr<\/a><\/strong><\/li>\n<\/ul>\n<\/div>\n<\/div>\n<\/div>\n\n\n\n<div data-wp-context=\"{ &quot;autoclose&quot;: false, &quot;accordionItems&quot;: [] }\" data-wp-interactive=\"core\/accordion\" role=\"group\" class=\"wp-block-accordion is-layout-flow wp-block-accordion-is-layout-flow\">\n<div data-wp-class--is-open=\"state.isOpen\" data-wp-context=\"{ &quot;id&quot;: &quot;accordion-item-1&quot;, &quot;openByDefault&quot;: false }\" data-wp-init=\"callbacks.initAccordionItems\" data-wp-on-window--hashchange=\"callbacks.hashChange\" class=\"wp-block-accordion-item is-layout-flow wp-block-accordion-item-is-layout-flow\">\n<h3 class=\"wp-block-accordion-heading\"><button aria-expanded=\"false\" aria-controls=\"accordion-item-1-panel\" data-wp-bind--aria-expanded=\"state.isOpen\" data-wp-on--click=\"actions.toggle\" id=\"accordion-item-1\" type=\"button\" class=\"wp-block-accordion-heading__toggle\"><span class=\"wp-block-accordion-heading__toggle-title\">Modelling workshops for adults<\/span><span class=\"wp-block-accordion-heading__toggle-icon\" aria-hidden=\"true\">+<\/span><\/button><\/h3>\n\n\n\n<div aria-labelledby=\"accordion-item-1\" data-wp-bind--hidden=\"state.isHidden\" data-wp-on--beforematch=\"actions.handleBeforeMatch\" id=\"accordion-item-1-panel\" role=\"region\" class=\"wp-block-accordion-panel is-layout-flow wp-block-accordion-panel-is-layout-flow\">\n<div class=\"wp-block-group has-global-padding is-layout-constrained wp-block-group-is-layout-constrained\">\n<div class=\"wp-block-media-text has-media-on-the-right is-stacked-on-mobile\" style=\"grid-template-columns:auto 35%\"><div class=\"wp-block-media-text__content\">\n<p class=\"wp-block-paragraph\">The modelling workshops for adults are open to anyone aged 16 and over, <strong>sur inscription<\/strong>. Each workshop is limited to 10 people. They can be attended on a weekly basis or occasionally, at the following sessions:<\/p>\n\n\n\n<p class=\"wp-block-paragraph\">\u2013 Tuesday: 3 pm to 5 pm or 6 pm to 8 pm<\/p>\n\n\n\n<p class=\"wp-block-paragraph\">\u2013 Thursday: 7 pm to 9 pm<\/p>\n\n\n\n<p class=\"wp-block-paragraph\">The adult workshops run from September to the end of May and during half of the school holidays.<\/p>\n<\/div><figure class=\"wp-block-media-text__media\"><img decoding=\"async\" width=\"685\" height=\"1024\" fetchpriority=\"low\" src=\"https:\/\/amtpuyk.cluster030.hosting.ovh.net\/wp-content\/uploads\/2026\/03\/Adulte-5-min-685x1024.jpg\" alt=\"\" class=\"wp-image-114 size-full\" srcset=\"https:\/\/ateliermuseedelaterre.com\/wp-content\/uploads\/2026\/03\/Adulte-5-min-685x1024.jpg 685w, https:\/\/ateliermuseedelaterre.com\/wp-content\/uploads\/2026\/03\/Adulte-5-min-201x300.jpg 201w, https:\/\/ateliermuseedelaterre.com\/wp-content\/uploads\/2026\/03\/Adulte-5-min-768x1147.jpg 768w, https:\/\/ateliermuseedelaterre.com\/wp-content\/uploads\/2026\/03\/Adulte-5-min-1028x1536.jpg 1028w, https:\/\/ateliermuseedelaterre.com\/wp-content\/uploads\/2026\/03\/Adulte-5-min-1371x2048.jpg 1371w, https:\/\/ateliermuseedelaterre.com\/wp-content\/uploads\/2026\/03\/Adulte-5-min-scaled.jpg 1714w\" sizes=\"(max-width: 685px) 100vw, 685px\" \/><\/figure><\/div>\n\n\n\n<p class=\"wp-block-paragraph\">Prices: \u20ac20 per session. A package of 4 sessions for \u20ac65.<\/p>\n<\/div>\n<\/div>\n<\/div>\n<\/div>\n\n\n\n<div data-wp-context=\"{ &quot;autoclose&quot;: false, &quot;accordionItems&quot;: [] }\" data-wp-interactive=\"core\/accordion\" role=\"group\" class=\"wp-block-accordion is-layout-flow wp-block-accordion-is-layout-flow\">\n<div data-wp-class--is-open=\"state.isOpen\" data-wp-context=\"{ &quot;id&quot;: &quot;accordion-item-2&quot;, &quot;openByDefault&quot;: false }\" data-wp-init=\"callbacks.initAccordionItems\" data-wp-on-window--hashchange=\"callbacks.hashChange\" class=\"wp-block-accordion-item is-layout-flow wp-block-accordion-item-is-layout-flow\">\n<h3 class=\"wp-block-accordion-heading\"><button aria-expanded=\"false\" aria-controls=\"accordion-item-2-panel\" data-wp-bind--aria-expanded=\"state.isOpen\" data-wp-on--click=\"actions.toggle\" id=\"accordion-item-2\" type=\"button\" class=\"wp-block-accordion-heading__toggle\"><span class=\"wp-block-accordion-heading__toggle-title\">An Introduction to Ceramic Throwing<\/span><span class=\"wp-block-accordion-heading__toggle-icon\" aria-hidden=\"true\">+<\/span><\/button><\/h3>\n\n\n\n<div aria-labelledby=\"accordion-item-2\" data-wp-bind--hidden=\"state.isHidden\" data-wp-on--beforematch=\"actions.handleBeforeMatch\" id=\"accordion-item-2-panel\" role=\"region\" class=\"wp-block-accordion-panel is-layout-flow wp-block-accordion-panel-is-layout-flow\">\n<div class=\"wp-block-media-text has-media-on-the-right is-stacked-on-mobile\" style=\"grid-template-columns:auto 37%\"><div class=\"wp-block-media-text__content\">\n<p class=\"wp-block-paragraph\">Mondays and wednesdays,  every two weeks<\/p>\n\n\n\n<p class=\"wp-block-paragraph\">De <strong>7pm to 9pm<\/strong><\/p>\n\n\n\n<p class=\"wp-block-paragraph\">The sessions take place in <strong>2 parts<\/strong> :<\/p>\n\n\n\n<div class=\"wp-block-group has-global-padding is-layout-constrained wp-block-group-is-layout-constrained\">\n<ul class=\"wp-block-list\">\n<li>Le lundi &gt; tournage des pi\u00e8ces<\/li>\n\n\n\n<li>Le mercredi &gt; tournassage et d\u00e9cor des pi\u00e8ces r\u00e9alis\u00e9es<\/li>\n<\/ul>\n<\/div>\n\n\n\n<p class=\"wp-block-paragraph\">Complete beginners welcome, aged 16 and over.<\/p>\n\n\n\n<p class=\"wp-block-paragraph\">Tarif : 60\u20ac pour 2x2h.\u00a0<\/p>\n\n\n\n<p class=\"wp-block-paragraph\"><strong>For further information and all the dates, please see our <a href=\"https:\/\/amtpuyk.cluster030.hosting.ovh.net\/initiation-au-tournage-pour-les-adultes\/\" target=\"_blank\" rel=\"noopener\">news<\/a>.<\/strong><\/p>\n\n\n\n<p class=\"wp-block-paragraph\">Limited to 4 people, <strong>registration required<\/strong>.<\/p>\n<\/div><figure class=\"wp-block-media-text__media\"><img decoding=\"async\" width=\"768\" height=\"1024\" fetchpriority=\"low\" src=\"https:\/\/amtpuyk.cluster030.hosting.ovh.net\/wp-content\/uploads\/2026\/03\/tournassage-768x1024.jpg\" alt=\"\" class=\"wp-image-192 size-full\" srcset=\"https:\/\/ateliermuseedelaterre.com\/wp-content\/uploads\/2026\/03\/tournassage-768x1024.jpg 768w, https:\/\/ateliermuseedelaterre.com\/wp-content\/uploads\/2026\/03\/tournassage-225x300.jpg 225w, https:\/\/ateliermuseedelaterre.com\/wp-content\/uploads\/2026\/03\/tournassage-1152x1536.jpg 1152w, https:\/\/ateliermuseedelaterre.com\/wp-content\/uploads\/2026\/03\/tournassage.jpg 1417w\" sizes=\"(max-width: 768px) 100vw, 768px\" \/><\/figure><\/div>\n<\/div>\n<\/div>\n<\/div>\n\n\n\n<div data-wp-context=\"{ &quot;autoclose&quot;: false, &quot;accordionItems&quot;: [] }\" data-wp-interactive=\"core\/accordion\" role=\"group\" class=\"wp-block-accordion is-layout-flow wp-block-accordion-is-layout-flow\">\n<div data-wp-class--is-open=\"state.isOpen\" data-wp-context=\"{ &quot;id&quot;: &quot;accordion-item-3&quot;, &quot;openByDefault&quot;: false }\" data-wp-init=\"callbacks.initAccordionItems\" data-wp-on-window--hashchange=\"callbacks.hashChange\" class=\"wp-block-accordion-item is-layout-flow wp-block-accordion-item-is-layout-flow\">\n<h3 class=\"wp-block-accordion-heading\"><button aria-expanded=\"false\" aria-controls=\"accordion-item-3-panel\" data-wp-bind--aria-expanded=\"state.isOpen\" data-wp-on--click=\"actions.toggle\" id=\"accordion-item-3\" type=\"button\" class=\"wp-block-accordion-heading__toggle\"><span class=\"wp-block-accordion-heading__toggle-title\">Workshops<\/span><span class=\"wp-block-accordion-heading__toggle-icon\" aria-hidden=\"true\">+<\/span><\/button><\/h3>\n\n\n\n<div aria-labelledby=\"accordion-item-3\" data-wp-bind--hidden=\"state.isHidden\" data-wp-on--beforematch=\"actions.handleBeforeMatch\" id=\"accordion-item-3-panel\" role=\"region\" class=\"wp-block-accordion-panel is-layout-flow wp-block-accordion-panel-is-layout-flow\">\n<div class=\"wp-block-media-text has-media-on-the-right is-stacked-on-mobile\"><div class=\"wp-block-media-text__content\">\n<p class=\"wp-block-paragraph\">The Atelier-mus\u00e9e de la Terre in Puycheny offers workshops throughout the year: ash glazes, advanced pottery wheel-throwing, moulding, drawing, making plant-based inks and watercolours, cyanotype, analogue photography\u2026<\/p>\n\n\n\n<p class=\"wp-block-paragraph translation-block\">Don\u2019t forget to check out the <a href=\"https:\/\/amtpuyk.cluster030.hosting.ovh.net\/actualites\/\" data-type=\"\u2018page\u2019\" data-id=\"\u201815\u2019\" target=\"_self\">news<\/a> to find out more.<\/p>\n<\/div><figure class=\"wp-block-media-text__media\"><img decoding=\"async\" width=\"1024\" height=\"794\" fetchpriority=\"low\" src=\"https:\/\/amtpuyk.cluster030.hosting.ovh.net\/wp-content\/uploads\/2026\/03\/DSC01971Jm-scaled-e1725885958610-1024x794.jpg\" alt=\"\" class=\"wp-image-105 size-full\" srcset=\"https:\/\/ateliermuseedelaterre.com\/wp-content\/uploads\/2026\/03\/DSC01971Jm-scaled-e1725885958610-1024x794.jpg 1024w, https:\/\/ateliermuseedelaterre.com\/wp-content\/uploads\/2026\/03\/DSC01971Jm-scaled-e1725885958610-300x233.jpg 300w, https:\/\/ateliermuseedelaterre.com\/wp-content\/uploads\/2026\/03\/DSC01971Jm-scaled-e1725885958610-768x596.jpg 768w, https:\/\/ateliermuseedelaterre.com\/wp-content\/uploads\/2026\/03\/DSC01971Jm-scaled-e1725885958610-1536x1191.jpg 1536w, https:\/\/ateliermuseedelaterre.com\/wp-content\/uploads\/2026\/03\/DSC01971Jm-scaled-e1725885958610.jpg 1707w\" sizes=\"(max-width: 1024px) 100vw, 1024px\" \/><\/figure><\/div>\n<\/div>\n<\/div>\n<\/div>","protected":false},"excerpt":{"rendered":"<p>L\u2019Atelier-Mus\u00e9e de la Terre propose des ateliers destin\u00e9s aux adultes toute l&rsquo;ann\u00e9e. La programmation comprend des activit\u00e9s pendant et en dehors des vacances scolaires. Vous trouverez dans notre programme des ateliers modelage adultes et enfants, ateliers tournage, stages \u00e0 th\u00e9matiques\u2026&nbsp; T\u00e9l\u00e9chargez notre brochure des activit\u00e9s Les activit\u00e9s pendant les vacances d\u00e9pendent de la programmation temporaire [&hellip;]<\/p>\n","protected":false},"author":2,"featured_media":2493,"parent":0,"menu_order":0,"comment_status":"closed","ping_status":"closed","template":"pages-avec-r-sa","meta":{"_acf_changed":false,"footnotes":""},"class_list":["post-2241","page","type-page","status-publish","has-post-thumbnail","hentry"],"acf":[],"_links":{"self":[{"href":"https:\/\/ateliermuseedelaterre.com\/en\/wp-json\/wp\/v2\/pages\/2241","targetHints":{"allow":["GET"]}}],"collection":[{"href":"https:\/\/ateliermuseedelaterre.com\/en\/wp-json\/wp\/v2\/pages"}],"about":[{"href":"https:\/\/ateliermuseedelaterre.com\/en\/wp-json\/wp\/v2\/types\/page"}],"author":[{"embeddable":true,"href":"https:\/\/ateliermuseedelaterre.com\/en\/wp-json\/wp\/v2\/users\/2"}],"replies":[{"embeddable":true,"href":"https:\/\/ateliermuseedelaterre.com\/en\/wp-json\/wp\/v2\/comments?post=2241"}],"version-history":[{"count":5,"href":"https:\/\/ateliermuseedelaterre.com\/en\/wp-json\/wp\/v2\/pages\/2241\/revisions"}],"predecessor-version":[{"id":2611,"href":"https:\/\/ateliermuseedelaterre.com\/en\/wp-json\/wp\/v2\/pages\/2241\/revisions\/2611"}],"wp:featuredmedia":[{"embeddable":true,"href":"https:\/\/ateliermuseedelaterre.com\/en\/wp-json\/wp\/v2\/media\/2493"}],"wp:attachment":[{"href":"https:\/\/ateliermuseedelaterre.com\/en\/wp-json\/wp\/v2\/media?parent=2241"}],"curies":[{"name":"wp","href":"https:\/\/api.w.org\/{rel}","templated":true}]}}