{"id":2235,"date":"2026-04-29T06:54:40","date_gmt":"2026-04-29T06:54:40","guid":{"rendered":"https:\/\/amtpuyk.cluster030.hosting.ovh.net\/?page_id=2235"},"modified":"2026-08-25T13:21:15","modified_gmt":"2026-08-25T13:21:15","slug":"lespace-camille-aupeix","status":"publish","type":"page","link":"https:\/\/ateliermuseedelaterre.com\/en\/lespace-camille-aupeix\/","title":{"rendered":"The Camille Aupeix Space"},"content":{"rendered":"<h2 class=\"wp-block-heading\">Les anciennes tuileries Aupeix<\/h2>\n\n\n\n<p class=\"wp-block-paragraph\">Situ\u00e9 au hameau de <strong>Puycheny<\/strong> (sur la commune de Saint-Hilaire-les-Places, en Haute-Vienne), le site de l&rsquo;ancienne <strong>tuilerie-briqueterie Aupeix<\/strong> (souvent associ\u00e9e au nom de Camille Aupeix ou simplement appel\u00e9e tuilerie Aupeix) est un t\u00e9moin exceptionnel de l&rsquo;artisanat tuilier traditionnel en Limousin.<sup><\/sup><\/p>\n\n\n\n<p class=\"wp-block-paragraph\">Voici les points cl\u00e9s pour la pr\u00e9senter :<\/p>\n\n\n\n<ul class=\"wp-block-list\">\n<li><strong>Un site patrimonial d&rsquo;\u00e9poque :<\/strong> \u00c9tablie au c\u0153ur d&rsquo;un riche gisement argileux, cette ancienne tuilerie non m\u00e9canis\u00e9e est embl\u00e9matique des modes d&rsquo;exploitation artisanaux du XIXe et du XXe si\u00e8cle.<\/li>\n\n\n\n<li><strong>Un t\u00e9moin rare de fabrication manuelle :<\/strong> Elle est particuli\u00e8rement reconnue pour avoir \u00e9t\u00e9 la derni\u00e8re tuilerie du Limousin \u00e0 pratiquer le moulage de la terre \u00e0 la main et \u00e0 conserver une aire de s\u00e9chage traditionnelle jusqu&rsquo;\u00e0 sa fermeture au milieu du XXe si\u00e8cle.<\/li>\n\n\n\n<li><strong>Une architecture pr\u00e9serv\u00e9e :<\/strong> Ses b\u00e2timents d&rsquo;\u00e9poque (comprenant notamment l&rsquo;aire centrale, les s\u00e9choirs dispos\u00e9s sur son pourtour, le four et le hangar de stockage) forment un ensemble coh\u00e9rent repr\u00e9sentatif de l&rsquo;activit\u00e9.<\/li>\n\n\n\n<li><strong>Aujourd&rsquo;hui transform\u00e9e en mus\u00e9e :<\/strong> Prot\u00e9g\u00e9e au titre des <strong>Monuments historiques<\/strong>, l&rsquo;ancienne tuilerie abrite l&rsquo;<strong>Atelier-Mus\u00e9e de la Terre<\/strong> (dont une section est nomm\u00e9e <em>Espace Camille Aupeix<\/em>). Le site fait office de lieu de m\u00e9moire, de transmission des savoir-faire et d&rsquo;accueil pour des r\u00e9sidences d&rsquo;artistes et des ateliers autour de l&rsquo;argile.<\/li>\n<\/ul>\n\n\n\n<figure class=\"wp-block-gallery has-nested-images columns-default is-cropped wp-block-gallery-1 is-layout-flex wp-block-gallery-is-layout-flex\">\n<figure class=\"wp-block-image size-large\"><img decoding=\"async\" width=\"1015\" height=\"761\" data-id=\"2323\" src=\"https:\/\/amtpuyk.cluster030.hosting.ovh.net\/wp-content\/uploads\/2026\/04\/20260430_105737.jpg\" alt=\"\" class=\"wp-image-2323\" srcset=\"https:\/\/ateliermuseedelaterre.com\/wp-content\/uploads\/2026\/04\/20260430_105737.jpg 1015w, https:\/\/ateliermuseedelaterre.com\/wp-content\/uploads\/2026\/04\/20260430_105737-300x225.jpg 300w, https:\/\/ateliermuseedelaterre.com\/wp-content\/uploads\/2026\/04\/20260430_105737-768x576.jpg 768w\" sizes=\"(max-width: 1015px) 100vw, 1015px\" \/><\/figure>\n\n\n\n<figure class=\"wp-block-image size-large\"><img decoding=\"async\" width=\"1015\" height=\"761\" data-id=\"2322\" src=\"https:\/\/amtpuyk.cluster030.hosting.ovh.net\/wp-content\/uploads\/2026\/04\/20260430_105717.jpg\" alt=\"\" class=\"wp-image-2322\" srcset=\"https:\/\/ateliermuseedelaterre.com\/wp-content\/uploads\/2026\/04\/20260430_105717.jpg 1015w, https:\/\/ateliermuseedelaterre.com\/wp-content\/uploads\/2026\/04\/20260430_105717-300x225.jpg 300w, https:\/\/ateliermuseedelaterre.com\/wp-content\/uploads\/2026\/04\/20260430_105717-768x576.jpg 768w\" sizes=\"(max-width: 1015px) 100vw, 1015px\" \/><\/figure>\n\n\n\n<figure class=\"wp-block-image size-large\"><img decoding=\"async\" width=\"1015\" height=\"761\" data-id=\"2321\" src=\"https:\/\/amtpuyk.cluster030.hosting.ovh.net\/wp-content\/uploads\/2026\/04\/20260430_105702.jpg\" alt=\"\" class=\"wp-image-2321\" srcset=\"https:\/\/ateliermuseedelaterre.com\/wp-content\/uploads\/2026\/04\/20260430_105702.jpg 1015w, https:\/\/ateliermuseedelaterre.com\/wp-content\/uploads\/2026\/04\/20260430_105702-300x225.jpg 300w, https:\/\/ateliermuseedelaterre.com\/wp-content\/uploads\/2026\/04\/20260430_105702-768x576.jpg 768w\" sizes=\"(max-width: 1015px) 100vw, 1015px\" \/><\/figure>\n\n\n\n<figure class=\"wp-block-image size-large\"><img decoding=\"async\" width=\"1015\" height=\"761\" data-id=\"2320\" src=\"https:\/\/amtpuyk.cluster030.hosting.ovh.net\/wp-content\/uploads\/2026\/04\/20260430_105631.jpg\" alt=\"\" class=\"wp-image-2320\" srcset=\"https:\/\/ateliermuseedelaterre.com\/wp-content\/uploads\/2026\/04\/20260430_105631.jpg 1015w, https:\/\/ateliermuseedelaterre.com\/wp-content\/uploads\/2026\/04\/20260430_105631-300x225.jpg 300w, https:\/\/ateliermuseedelaterre.com\/wp-content\/uploads\/2026\/04\/20260430_105631-768x576.jpg 768w\" sizes=\"(max-width: 1015px) 100vw, 1015px\" \/><\/figure>\n\n\n\n<figure class=\"wp-block-image size-large\"><img decoding=\"async\" width=\"1015\" height=\"761\" data-id=\"2319\" src=\"https:\/\/amtpuyk.cluster030.hosting.ovh.net\/wp-content\/uploads\/2026\/04\/20260430_105559.jpg\" alt=\"\" class=\"wp-image-2319\" srcset=\"https:\/\/ateliermuseedelaterre.com\/wp-content\/uploads\/2026\/04\/20260430_105559.jpg 1015w, https:\/\/ateliermuseedelaterre.com\/wp-content\/uploads\/2026\/04\/20260430_105559-300x225.jpg 300w, https:\/\/ateliermuseedelaterre.com\/wp-content\/uploads\/2026\/04\/20260430_105559-768x576.jpg 768w\" sizes=\"(max-width: 1015px) 100vw, 1015px\" \/><\/figure>\n\n\n\n<figure class=\"wp-block-image size-large\"><img decoding=\"async\" width=\"1015\" height=\"761\" data-id=\"2314\" src=\"https:\/\/amtpuyk.cluster030.hosting.ovh.net\/wp-content\/uploads\/2026\/04\/20260430_105259.jpg\" alt=\"\" class=\"wp-image-2314\" srcset=\"https:\/\/ateliermuseedelaterre.com\/wp-content\/uploads\/2026\/04\/20260430_105259.jpg 1015w, https:\/\/ateliermuseedelaterre.com\/wp-content\/uploads\/2026\/04\/20260430_105259-300x225.jpg 300w, https:\/\/ateliermuseedelaterre.com\/wp-content\/uploads\/2026\/04\/20260430_105259-768x576.jpg 768w\" sizes=\"(max-width: 1015px) 100vw, 1015px\" \/><\/figure>\n<\/figure>\n\n\n\n<h3 class=\"wp-block-heading\">Tours and Exploration of the Tuileries<\/h3>\n\n\n\n<div class=\"wp-block-media-text has-media-on-the-right is-stacked-on-mobile\" style=\"grid-template-columns:auto 34%\"><div class=\"wp-block-media-text__content\">\n<p class=\"wp-block-paragraph\">The open-air museum and the Lande \u00e0 Serpentine are free to visit year-round. From April through October, guided tours\u2014including demonstrations of handmade tile production\u2014are available according to the schedule.\n\nTours on request: You can book a private guided tour. For more information: 05.55.58.35.19<\/p>\n\n\n\n<p class=\"wp-block-paragraph translation-block\"><strong>Tours on request<\/strong>: You can book a private guided tour. For more information: <strong>05.55.58.35.19<\/strong><\/p>\n<\/div><figure class=\"wp-block-media-text__media\"><img decoding=\"async\" width=\"768\" height=\"1024\" src=\"https:\/\/amtpuyk.cluster030.hosting.ovh.net\/wp-content\/uploads\/2026\/03\/Jeu-de-piste-min-768x1024.jpg\" alt=\"\" class=\"wp-image-142 size-full\" srcset=\"https:\/\/ateliermuseedelaterre.com\/wp-content\/uploads\/2026\/03\/Jeu-de-piste-min-768x1024.jpg 768w, https:\/\/ateliermuseedelaterre.com\/wp-content\/uploads\/2026\/03\/Jeu-de-piste-min-225x300.jpg 225w, https:\/\/ateliermuseedelaterre.com\/wp-content\/uploads\/2026\/03\/Jeu-de-piste-min.jpg 1080w\" sizes=\"(max-width: 768px) 100vw, 768px\" \/><\/figure><\/div>\n\n\n\n<h2 class=\"wp-block-heading\">Visiter les anciennes tuileries avec Handivisite<\/h2>\n\n\n\n<p class=\"wp-block-paragraph\">L&rsquo;<strong>Atelier-Mus\u00e9e de la Terre<\/strong> (anciennement les tuileries Aupeix \u00e0 Puycheny) propose une d\u00e9marche inclusive tr\u00e8s active pour rendre la d\u00e9couverte de son site et de ses ateliers accessible \u00e0 tous les publics.<sup><\/sup> L&rsquo;int\u00e9gration de la structure sur l&rsquo;application <strong>Handivisites<\/strong> (r\u00e9alis\u00e9e par l&rsquo;organisme AcceSens) permet de d\u00e9tailler et d&rsquo;optimiser l&rsquo;accessibilit\u00e9 des espaces ext\u00e9rieurs et int\u00e9rieurs.<sup><\/sup><\/p>\n\n\n\n<p class=\"wp-block-paragraph\">Voici les principaux points forts de cette offre adapt\u00e9e :<\/p>\n\n\n\n<ul class=\"wp-block-list\">\n<li><strong>Un acc\u00e8s physique facilit\u00e9 :<\/strong> Le site dispose d&rsquo;un stationnement r\u00e9serv\u00e9 et d&rsquo;un acc\u00e8s de plain-pied (par l&rsquo;entr\u00e9e arri\u00e8re du b\u00e2timent d&rsquo;accueil et de la boutique), permettant \u00e9galement de rejoindre facilement les espaces de modelage et les sanitaires adapt\u00e9s.<\/li>\n\n\n\n<li><strong>Une m\u00e9diation sensorielle pour les d\u00e9ficiences visuelles :<\/strong> La visite guid\u00e9e de l&rsquo;ancienne tuilerie int\u00e8gre une description sensorielle approfondie, un livret de visite en braille ainsi qu&rsquo;en grands caract\u00e8res, et une maquette tactile en terre cuite.<\/li>\n\n\n\n<li><strong>Des dispositifs pour les handicaps auditifs et cognitifs :<\/strong> L&rsquo;\u00e9quipe de m\u00e9diation est form\u00e9e aux diff\u00e9rents types de handicaps (moteur, visuel, auditif, psychique, mental). Des \u00e9quipements sp\u00e9cifiques comme des boucles \u00e0 induction magn\u00e9tique portables sont disponibles, et il est possible de faire intervenir une personne qualifi\u00e9e (ou de pr\u00e9parer des animations sur mesure en concertation avec les structures \u00e9ducatives).<\/li>\n<\/ul>\n\n\n\n<div class=\"wp-block-columns is-layout-flex wp-container-core-columns-is-layout-8d39b2df wp-block-columns-is-layout-flex\">\n<div class=\"wp-block-column is-layout-flow wp-block-column-is-layout-flow\">\n<figure class=\"wp-block-image aligncenter size-full is-resized\"><a href=\"https:\/\/www.accesens.com\/handivisites\" target=\"_blank\" rel=\"noopener\"><img decoding=\"async\" width=\"1016\" height=\"504\" src=\"https:\/\/amtpuyk.cluster030.hosting.ovh.net\/wp-content\/uploads\/2026\/06\/logo-Handivistes.png\" alt=\"\" class=\"wp-image-2542\" style=\"aspect-ratio:2.0158909770532483;width:233px;height:auto\" srcset=\"https:\/\/ateliermuseedelaterre.com\/wp-content\/uploads\/2026\/06\/logo-Handivistes.png 1016w, https:\/\/ateliermuseedelaterre.com\/wp-content\/uploads\/2026\/06\/logo-Handivistes-300x149.png 300w, https:\/\/ateliermuseedelaterre.com\/wp-content\/uploads\/2026\/06\/logo-Handivistes-768x381.png 768w, https:\/\/ateliermuseedelaterre.com\/wp-content\/uploads\/2026\/06\/logo-Handivistes-18x9.png 18w\" sizes=\"(max-width: 1016px) 100vw, 1016px\" \/><\/a><\/figure>\n<\/div>\n\n\n\n<div class=\"wp-block-column is-layout-flow wp-block-column-is-layout-flow\">\n<figure class=\"wp-block-image aligncenter size-large\"><a href=\"https:\/\/www.accesens.com\/\" target=\"_blank\" rel=\"noopener\"><img decoding=\"async\" width=\"1024\" height=\"331\" src=\"https:\/\/amtpuyk.cluster030.hosting.ovh.net\/wp-content\/uploads\/2026\/06\/Logo-AcceSens-HD-1024x331.png\" alt=\"\" class=\"wp-image-2540\" style=\"aspect-ratio:3.0936455244191343\" srcset=\"https:\/\/ateliermuseedelaterre.com\/wp-content\/uploads\/2026\/06\/Logo-AcceSens-HD-1024x331.png 1024w, https:\/\/ateliermuseedelaterre.com\/wp-content\/uploads\/2026\/06\/Logo-AcceSens-HD-300x97.png 300w, https:\/\/ateliermuseedelaterre.com\/wp-content\/uploads\/2026\/06\/Logo-AcceSens-HD-768x248.png 768w, https:\/\/ateliermuseedelaterre.com\/wp-content\/uploads\/2026\/06\/Logo-AcceSens-HD-1536x497.png 1536w, https:\/\/ateliermuseedelaterre.com\/wp-content\/uploads\/2026\/06\/Logo-AcceSens-HD-18x6.png 18w, https:\/\/ateliermuseedelaterre.com\/wp-content\/uploads\/2026\/06\/Logo-AcceSens-HD.png 2000w\" sizes=\"(max-width: 1024px) 100vw, 1024px\" \/><\/a><\/figure>\n<\/div>\n\n\n\n<div class=\"wp-block-column is-layout-flow wp-block-column-is-layout-flow\">\n<figure class=\"wp-block-image aligncenter size-full is-resized\"><img decoding=\"async\" width=\"1000\" height=\"1000\" src=\"https:\/\/amtpuyk.cluster030.hosting.ovh.net\/wp-content\/uploads\/2026\/06\/qrcode-handivisites-noir.png\" alt=\"\" class=\"wp-image-2541\" style=\"width:127px;height:auto\" srcset=\"https:\/\/ateliermuseedelaterre.com\/wp-content\/uploads\/2026\/06\/qrcode-handivisites-noir.png 1000w, https:\/\/ateliermuseedelaterre.com\/wp-content\/uploads\/2026\/06\/qrcode-handivisites-noir-300x300.png 300w, https:\/\/ateliermuseedelaterre.com\/wp-content\/uploads\/2026\/06\/qrcode-handivisites-noir-150x150.png 150w, https:\/\/ateliermuseedelaterre.com\/wp-content\/uploads\/2026\/06\/qrcode-handivisites-noir-768x768.png 768w, https:\/\/ateliermuseedelaterre.com\/wp-content\/uploads\/2026\/06\/qrcode-handivisites-noir-12x12.png 12w\" sizes=\"(max-width: 1000px) 100vw, 1000px\" \/><\/figure>\n<\/div>\n<\/div>","protected":false},"excerpt":{"rendered":"<p>Les anciennes tuileries Aupeix Situ\u00e9 au hameau de Puycheny (sur la commune de Saint-Hilaire-les-Places, en Haute-Vienne), le site de l&rsquo;ancienne tuilerie-briqueterie Aupeix (souvent associ\u00e9e au nom de Camille Aupeix ou simplement appel\u00e9e tuilerie Aupeix) est un t\u00e9moin exceptionnel de l&rsquo;artisanat tuilier traditionnel en Limousin. Voici les points cl\u00e9s pour la pr\u00e9senter : Visites et exploration [&hellip;]<\/p>\n","protected":false},"author":2,"featured_media":2318,"parent":0,"menu_order":0,"comment_status":"closed","ping_status":"closed","template":"pages-avec-r-sa","meta":{"_acf_changed":false,"footnotes":""},"class_list":["post-2235","page","type-page","status-publish","has-post-thumbnail","hentry"],"acf":[],"_links":{"self":[{"href":"https:\/\/ateliermuseedelaterre.com\/en\/wp-json\/wp\/v2\/pages\/2235","targetHints":{"allow":["GET"]}}],"collection":[{"href":"https:\/\/ateliermuseedelaterre.com\/en\/wp-json\/wp\/v2\/pages"}],"about":[{"href":"https:\/\/ateliermuseedelaterre.com\/en\/wp-json\/wp\/v2\/types\/page"}],"author":[{"embeddable":true,"href":"https:\/\/ateliermuseedelaterre.com\/en\/wp-json\/wp\/v2\/users\/2"}],"replies":[{"embeddable":true,"href":"https:\/\/ateliermuseedelaterre.com\/en\/wp-json\/wp\/v2\/comments?post=2235"}],"version-history":[{"count":10,"href":"https:\/\/ateliermuseedelaterre.com\/en\/wp-json\/wp\/v2\/pages\/2235\/revisions"}],"predecessor-version":[{"id":2640,"href":"https:\/\/ateliermuseedelaterre.com\/en\/wp-json\/wp\/v2\/pages\/2235\/revisions\/2640"}],"wp:featuredmedia":[{"embeddable":true,"href":"https:\/\/ateliermuseedelaterre.com\/en\/wp-json\/wp\/v2\/media\/2318"}],"wp:attachment":[{"href":"https:\/\/ateliermuseedelaterre.com\/en\/wp-json\/wp\/v2\/media?parent=2235"}],"curies":[{"name":"wp","href":"https:\/\/api.w.org\/{rel}","templated":true}]}}