{"id":2230,"date":"2026-04-29T06:53:28","date_gmt":"2026-04-29T06:53:28","guid":{"rendered":"https:\/\/amtpuyk.cluster030.hosting.ovh.net\/?page_id=2230"},"modified":"2026-08-25T14:01:29","modified_gmt":"2026-08-25T14:01:29","slug":"notre-reseau","status":"publish","type":"page","link":"https:\/\/ateliermuseedelaterre.com\/en\/notre-reseau\/","title":{"rendered":"Our network"},"content":{"rendered":"<p class=\"wp-block-paragraph\">We work with local contributors, enabling us to offer a wide variety of activities.<\/p>\n\n\n\n<div class=\"wp-block-media-text has-media-on-the-right is-stacked-on-mobile\"><div class=\"wp-block-media-text__content\">\n<h2 class=\"wp-block-heading\">Sahel Keita<\/h2>\n\n\n\n<p class=\"wp-block-paragraph\"><strong>C\u00e9ramique des corps<\/strong> est un atelier-boutique d&rsquo;art et d&rsquo;artisanat fond\u00e9 par l&rsquo;artisane d&rsquo;art <strong>Sahelia (Sahel) Keita<\/strong>.<sup><\/sup><\/p>\n\n\n\n<p class=\"wp-block-paragraph\">Voici une pr\u00e9sentation synth\u00e9tique de son univers cr\u00e9atif :<\/p>\n\n\n\n<h3 class=\"wp-block-heading\"><strong>L&rsquo;Univers et la D\u00e9marche Artistique<\/strong><\/h3>\n\n\n\n<p class=\"wp-block-paragraph\"><strong>La mati\u00e8re et le corps :<\/strong> \u00c0 travers sa structure \u00ab C\u00e9ramique des corps \u00bb, Sahelia Keita explore le lien intime entre la mati\u00e8re min\u00e9rale (la terre, l&rsquo;argile) et les formes vivantes, organiques ou anatomiques. <\/p>\n<\/div><figure class=\"wp-block-media-text__media\"><img decoding=\"async\" width=\"285\" height=\"285\" src=\"https:\/\/amtpuyk.cluster030.hosting.ovh.net\/wp-content\/uploads\/2026\/08\/1630603736783.jpg\" alt=\"\" class=\"wp-image-2650 size-full\" srcset=\"https:\/\/ateliermuseedelaterre.com\/wp-content\/uploads\/2026\/08\/1630603736783.jpg 285w, https:\/\/ateliermuseedelaterre.com\/wp-content\/uploads\/2026\/08\/1630603736783-150x150.jpg 150w, https:\/\/ateliermuseedelaterre.com\/wp-content\/uploads\/2026\/08\/1630603736783-12x12.jpg 12w\" sizes=\"(max-width: 285px) 100vw, 285px\" \/><\/figure><\/div>\n\n\n\n<div class=\"wp-block-media-text is-stacked-on-mobile\"><figure class=\"wp-block-media-text__media\"><img decoding=\"async\" width=\"533\" height=\"159\" src=\"https:\/\/amtpuyk.cluster030.hosting.ovh.net\/wp-content\/uploads\/2026\/08\/logos_ok_1couleur_blanc-07-2.webp\" alt=\"\" class=\"wp-image-2652 size-full\" srcset=\"https:\/\/ateliermuseedelaterre.com\/wp-content\/uploads\/2026\/08\/logos_ok_1couleur_blanc-07-2.webp 533w, https:\/\/ateliermuseedelaterre.com\/wp-content\/uploads\/2026\/08\/logos_ok_1couleur_blanc-07-2-300x89.webp 300w, https:\/\/ateliermuseedelaterre.com\/wp-content\/uploads\/2026\/08\/logos_ok_1couleur_blanc-07-2-18x5.webp 18w\" sizes=\"(max-width: 533px) 100vw, 533px\" \/><\/figure><div class=\"wp-block-media-text__content\">\n<h2 class=\"wp-block-heading\">La Soupape sauvage<\/h2>\n\n\n\n<p class=\"wp-block-paragraph\"><strong>La Soupape Sauvage<\/strong> est une association d&rsquo;\u00e9ducation \u00e0 l&rsquo;environnement et de vulgarisation naturaliste, fond\u00e9e en 2018 et bas\u00e9e en Haute-Vienne (en r\u00e9gion Nouvelle-Aquitaine, \u00e0 Saint-Priest-Ligoure).<\/p>\n\n\n\n<p class=\"wp-block-paragraph\">Voici une pr\u00e9sentation synth\u00e9tique de ses activit\u00e9s et de son identit\u00e9 :<\/p>\n\n\n\n<p class=\"wp-block-paragraph\"><strong>L\u00e2cher la pression, \u00eatre nature !<\/strong> C&rsquo;est le mot d&rsquo;ordre de l&rsquo;association, qui souhaite rendre la d\u00e9couverte de la biodiversit\u00e9 accessible \u00e0 toutes et \u00e0 tous, de mani\u00e8re ludique et d\u00e9complex\u00e9e.<\/p>\n\n\n\n<p class=\"wp-block-paragraph\"><strong>\u00c9ducation \u00e0 l&rsquo;environnement :<\/strong> Port\u00e9e par des animateurs naturalistes ind\u00e9pendants, l&rsquo;association s&rsquo;adresse aussi bien aux enfants (milieu scolaire, centres de loisirs) qu&rsquo;au grand public \u00e0 travers des formats d&rsquo;ateliers interactifs et originaux.<\/p>\n<\/div><\/div>\n\n\n\n<div class=\"wp-block-media-text has-media-on-the-right is-stacked-on-mobile\"><div class=\"wp-block-media-text__content\">\n<h2 class=\"wp-block-heading\">L&rsquo;Atelier Serpentine<\/h2>\n\n\n\n<p class=\"wp-block-paragraph\">Ga\u00eblle Caublot, c\u00e9ramiste locale, propose des cours de tournage pour les adultes toute l&rsquo;ann\u00e9e et pendant les vacances scolaires.<\/p>\n<\/div><figure class=\"wp-block-media-text__media\"><img decoding=\"async\" width=\"447\" height=\"447\" src=\"https:\/\/amtpuyk.cluster030.hosting.ovh.net\/wp-content\/uploads\/2026\/08\/images.png\" alt=\"\" class=\"wp-image-2653 size-full\" srcset=\"https:\/\/ateliermuseedelaterre.com\/wp-content\/uploads\/2026\/08\/images.png 447w, https:\/\/ateliermuseedelaterre.com\/wp-content\/uploads\/2026\/08\/images-300x300.png 300w, https:\/\/ateliermuseedelaterre.com\/wp-content\/uploads\/2026\/08\/images-150x150.png 150w, https:\/\/ateliermuseedelaterre.com\/wp-content\/uploads\/2026\/08\/images-12x12.png 12w\" sizes=\"(max-width: 447px) 100vw, 447px\" \/><\/figure><\/div>\n\n\n\n<p class=\"wp-block-paragraph\"><\/p>","protected":false},"excerpt":{"rendered":"<p>Nous travaillons avec des intervenants locaux qui nous permettent de proposer une offre vari\u00e9e. Sahel Keita C\u00e9ramique des corps est un atelier-boutique d&rsquo;art et d&rsquo;artisanat fond\u00e9 par l&rsquo;artisane d&rsquo;art Sahelia (Sahel) Keita. Voici une pr\u00e9sentation synth\u00e9tique de son univers cr\u00e9atif : L&rsquo;Univers et la D\u00e9marche Artistique La mati\u00e8re et le corps : \u00c0 travers sa [&hellip;]<\/p>\n","protected":false},"author":2,"featured_media":0,"parent":0,"menu_order":0,"comment_status":"closed","ping_status":"closed","template":"","meta":{"_acf_changed":false,"footnotes":""},"class_list":["post-2230","page","type-page","status-publish","hentry"],"acf":[],"_links":{"self":[{"href":"https:\/\/ateliermuseedelaterre.com\/en\/wp-json\/wp\/v2\/pages\/2230","targetHints":{"allow":["GET"]}}],"collection":[{"href":"https:\/\/ateliermuseedelaterre.com\/en\/wp-json\/wp\/v2\/pages"}],"about":[{"href":"https:\/\/ateliermuseedelaterre.com\/en\/wp-json\/wp\/v2\/types\/page"}],"author":[{"embeddable":true,"href":"https:\/\/ateliermuseedelaterre.com\/en\/wp-json\/wp\/v2\/users\/2"}],"replies":[{"embeddable":true,"href":"https:\/\/ateliermuseedelaterre.com\/en\/wp-json\/wp\/v2\/comments?post=2230"}],"version-history":[{"count":10,"href":"https:\/\/ateliermuseedelaterre.com\/en\/wp-json\/wp\/v2\/pages\/2230\/revisions"}],"predecessor-version":[{"id":2655,"href":"https:\/\/ateliermuseedelaterre.com\/en\/wp-json\/wp\/v2\/pages\/2230\/revisions\/2655"}],"wp:attachment":[{"href":"https:\/\/ateliermuseedelaterre.com\/en\/wp-json\/wp\/v2\/media?parent=2230"}],"curies":[{"name":"wp","href":"https:\/\/api.w.org\/{rel}","templated":true}]}}